{"id":68,"date":"2018-04-06T06:40:19","date_gmt":"2018-04-06T06:40:19","guid":{"rendered":"https:\/\/muzeumbojkow.pl\/?page_id=68"},"modified":"2025-09-08T08:26:02","modified_gmt":"2025-09-08T08:26:02","slug":"historia","status":"publish","type":"page","link":"http:\/\/muzeumbojkow.pl\/?page_id=68","title":{"rendered":"O muzeum"},"content":{"rendered":"\n<p><\/p>\n\n\n\n<p class=\"has-text-align-left\"><strong>Gminne Muzeum Kultury Duchowej i Materialnej Bojk\u00f3w  dzia\u0142a na podstawie uchwa\u0142y Rady Gminy Solina Nr XXXVI\/312\/17 z dnia 2 marca 2017 r. zmieniaj\u0105c\u0105 uchwa\u0142\u0119 Nr XX\/218\/12 z dnia 22 lutego 2012 r. w sprawie utworzenia Gminnego Muzeum Kultury Duchowej i Materialnej Bojk\u00f3w w Myczkowie oraz na bazie regulaminu uzgodnionego z Ministrem Kultury i Dziedzictwa Narodowego.  Prezentuje kulturow\u0105 r\u00f3\u017cnorodno\u015b\u0107 Bieszczad\u00f3w, gromadzi przedmioty zwi\u0105zane z dawnym \u017cyciem okolicznych wsi, dwor\u00f3w oraz miasteczek. Utrwala wiedz\u0119 na temat zwyczaj\u00f3w, obrz\u0119d\u00f3w, tradycji i codziennej pracy ludzi minionej epoki. Szczeg\u00f3lnie za\u015b stara si\u0119 zachowa\u0107 pami\u0119\u0107 o Bojkach, dawnych mieszka\u0144cach Bieszczad\u00f3w, kt\u00f3rzy od przesz\u0142o pi\u0119ciu stuleci wzbogacali barwny krajobraz etniczny tych ziem, a&nbsp; kt\u00f3rych historia zosta\u0142a przerwana&nbsp; w po\u0142owie XX w. Pozosta\u0142y po nich tylko nieliczne \u015blady ich bytno\u015bci i zacieraj\u0105ce si\u0119 ju\u017c wspomnienia.<br>Muzeum jest finansowane ze \u015brodk\u00f3w publicznych samorz\u0105du Gminy Solina. Funkcjonuje w ramach struktury organizacyjnej Gminnego O\u015brodka Kultury, Sportu i Turystyki w Solinie z .s w Pola\u0144czyku i jest zarz\u0105dzane przez Dyrektora GOKSiT. <\/strong><\/p>\n\n\n\n<figure class=\"wp-block-image size-large\"><a href=\"http:\/\/muzeumbojkow.pl\/wp-content\/uploads\/2025\/09\/PISMO_MINISERSTWO-scaled.jpg\"><img decoding=\"async\" loading=\"lazy\" width=\"724\" height=\"1024\" src=\"http:\/\/muzeumbojkow.pl\/wp-content\/uploads\/2025\/09\/PISMO_MINISERSTWO-724x1024.jpg\" alt=\"\" class=\"wp-image-2019\" srcset=\"http:\/\/muzeumbojkow.pl\/wp-content\/uploads\/2025\/09\/PISMO_MINISERSTWO-724x1024.jpg 724w, http:\/\/muzeumbojkow.pl\/wp-content\/uploads\/2025\/09\/PISMO_MINISERSTWO-212x300.jpg 212w, http:\/\/muzeumbojkow.pl\/wp-content\/uploads\/2025\/09\/PISMO_MINISERSTWO-768x1086.jpg 768w, http:\/\/muzeumbojkow.pl\/wp-content\/uploads\/2025\/09\/PISMO_MINISERSTWO-1086x1536.jpg 1086w, http:\/\/muzeumbojkow.pl\/wp-content\/uploads\/2025\/09\/PISMO_MINISERSTWO-1448x2048.jpg 1448w, http:\/\/muzeumbojkow.pl\/wp-content\/uploads\/2025\/09\/PISMO_MINISERSTWO-scaled.jpg 1810w\" sizes=\"(max-width: 724px) 100vw, 724px\" \/><\/a><\/figure>\n","protected":false},"excerpt":{"rendered":"<p>Gminne Muzeum Kultury Duchowej i Materialnej Bojk\u00f3w dzia\u0142a na podstawie uchwa\u0142y Rady Gminy Solina Nr XXXVI\/312\/17 z dnia 2 marca 2017 r. zmieniaj\u0105c\u0105 uchwa\u0142\u0119 Nr XX\/218\/12 z dnia 22 lutego 2012 r. w sprawie utworzenia Gminnego Muzeum Kultury Duchowej i Materialnej Bojk\u00f3w w Myczkowie oraz na bazie regulaminu uzgodnionego z Ministrem Kultury i Dziedzictwa Narodowego.&hellip; <\/p>\n","protected":false},"author":1,"featured_media":0,"parent":0,"menu_order":0,"comment_status":"closed","ping_status":"closed","template":"","meta":{"ngg_post_thumbnail":0},"_links":{"self":[{"href":"http:\/\/muzeumbojkow.pl\/index.php?rest_route=\/wp\/v2\/pages\/68"}],"collection":[{"href":"http:\/\/muzeumbojkow.pl\/index.php?rest_route=\/wp\/v2\/pages"}],"about":[{"href":"http:\/\/muzeumbojkow.pl\/index.php?rest_route=\/wp\/v2\/types\/page"}],"author":[{"embeddable":true,"href":"http:\/\/muzeumbojkow.pl\/index.php?rest_route=\/wp\/v2\/users\/1"}],"replies":[{"embeddable":true,"href":"http:\/\/muzeumbojkow.pl\/index.php?rest_route=%2Fwp%2Fv2%2Fcomments&post=68"}],"version-history":[{"count":22,"href":"http:\/\/muzeumbojkow.pl\/index.php?rest_route=\/wp\/v2\/pages\/68\/revisions"}],"predecessor-version":[{"id":2021,"href":"http:\/\/muzeumbojkow.pl\/index.php?rest_route=\/wp\/v2\/pages\/68\/revisions\/2021"}],"wp:attachment":[{"href":"http:\/\/muzeumbojkow.pl\/index.php?rest_route=%2Fwp%2Fv2%2Fmedia&parent=68"}],"curies":[{"name":"wp","href":"https:\/\/api.w.org\/{rel}","templated":true}]}}